{"id":61949,"date":"2018-07-06T18:39:51","date_gmt":"2018-07-06T16:39:51","guid":{"rendered":"https:\/\/neurodev-ng.u-bordeaux.fr\/next-seminaries\/"},"modified":"2022-06-27T16:34:53","modified_gmt":"2022-06-27T14:34:53","slug":"agenda","status":"publish","type":"page","link":"https:\/\/www.bordeaux-neurocampus.fr\/en\/agenda\/","title":{"rendered":"Agenda"},"content":{"rendered":"<div class=\"wpb-content-wrapper\"><p>[vc_row el_id=&#8221;mobile&#8221;][vc_column][vc_raw_html]JTNDYSUyMGhyZWYlM0QlMjIlMjNjb2xTJTIyJTNFRXZlbnRzJTIwZm9yJTIwc2NpZW50aXN0cyUzQyUyRmElM0UlM0NiciUyRiUzRSUwQSUwQSUzQ2ElMjBocmVmJTNEJTIyJTIzY29sVGhlc2lzJTIyJTNFVGhlc2lzJTIwZGVmZW5zZXMlM0MlMkZhJTNFJTBBJTNDYnIlMkYlM0UlMEElM0NhJTIwaHJlZiUzRCUyMiUyM2NvbEdQJTIyJTNFRXZlbnRzJTIwZm9yJTIwYSUyMHdpZGUlMjBhdWRpZW5jZSUzQyUyRmElM0UlMEE=[\/vc_raw_html][\/vc_column][\/vc_row][vc_row][vc_column width=&#8221;5\/6&#8243;][vc_row_inner][vc_column_inner width=&#8221;1\/2&#8243; el_id=&#8221;colS&#8221;][vc_text_separator title=&#8221;For the scientific community&#8221; color=&#8221;custom&#8221; accent_color=&#8221;#bb0027&#8243; el_class=&#8221;colorbb0027&#8243;][vc_column_text]<ul class=\"ecs-event-list\"><li class=\"ecs-event cajal-lectures-en_ecs_category for-scientists_ecs_category home-event_ecs_category\"><h4 class=\"entry-title summary\"><a href=\"https:\/\/www.bordeaux-neurocampus.fr\/en\/event\/cajal-lectures-frontier-in-neural-organoids-modelling\/\" rel=\"bookmark\">Cajal lectures &#8211; Frontier in Neural Organoids Modelling<\/a><\/h4><span class=\"duration time\"><span class=\"tribe-event-date-start\">Tuesday 14 April<\/span> - <span class=\"tribe-event-date-end\">Thursday 30 April<\/span><\/span><p class=\"ecs-excerpt\">Lectures are open to everyone \/\/ Venue: CARF<\/p><\/li><li class=\"ecs-event for-scientists_ecs_category home-event_ecs_category symposium_ecs_category\"><h4 class=\"entry-title summary\"><a href=\"https:\/\/www.bordeaux-neurocampus.fr\/en\/event\/computational-neuroscience-seminar-part-1\/\" rel=\"bookmark\">Computational Neuroscience Seminar &#8211; Part 1<\/a><\/h4><span class=\"duration time\"><span class=\"tribe-event-date-start\">Tuesday 5 May \/ 09:00<\/span> - <span class=\"tribe-event-time\">11:00<\/span><\/span><p class=\"ecs-excerpt\">Venue: Institut Magendie, conference room.<\/p><\/li><li class=\"ecs-event for-scientists_ecs_category home-event_ecs_category iins-en_ecs_category symposium_ecs_category\"><h4 class=\"entry-title summary\"><a href=\"https:\/\/www.bordeaux-neurocampus.fr\/en\/event\/mini-symposium-capturing-molecular-diversity-at-synapses\/\" rel=\"bookmark\">Mini Symposium: Capturing Molecular Diversity at Synapses<\/a><\/h4><span class=\"duration time\"><span class=\"tribe-event-date-start\">Tuesday 5 May \/ 15:30<\/span> - <span class=\"tribe-event-time\">17:30<\/span><\/span><p class=\"ecs-excerpt\">Organized by Anne-Sophie Haffner (new team leader at IINS)<\/p><\/li><li class=\"ecs-event for-scientists_ecs_category home-event_ecs_category impromptu-seminar_ecs_category\"><h4 class=\"entry-title summary\"><a href=\"https:\/\/www.bordeaux-neurocampus.fr\/en\/event\/philinbiomed-seminar-mazviita-chirimuuta\/\" rel=\"bookmark\">PhilInBioMed Seminar &#8211; Mazviita Chirimuuta<\/a><\/h4><span class=\"duration time\"><span class=\"tribe-event-date-start\">Tuesday 5 May \/ 17:00<\/span> - <span class=\"tribe-event-time\">18:30<\/span><\/span><p class=\"ecs-excerpt\">A Mark of the Non-Cognitive \/\/ Venue: CARF (hybrid)<\/p><\/li><li class=\"ecs-event for-scientists_ecs_category home-event_ecs_category\"><h4 class=\"entry-title summary\"><a href=\"https:\/\/www.bordeaux-neurocampus.fr\/en\/event\/journee-de-lancement-de-latelier-bordelais-des-donnees-de-recherche\/\" rel=\"bookmark\">Journ\u00e9e de lancement de l&#8217;Atelier bordelais des donn\u00e9es de recherche<\/a><\/h4><span class=\"duration time\"><span class=\"tribe-event-date-start\">Monday 11 May \/ 08:00<\/span> - <span class=\"tribe-event-time\">17:00<\/span><\/span><p class=\"ecs-excerpt\">Matin : Campus Pey-Berland et visioconf\u00e9rence. Apr\u00e8s-midi : Station Marne<\/p><\/li><li class=\"ecs-event for-scientists_ecs_category home-event_ecs_category seminars_ecs_category\"><h4 class=\"entry-title summary\"><a href=\"https:\/\/www.bordeaux-neurocampus.fr\/en\/event\/seminar-megan-fox\/\" rel=\"bookmark\">Seminar &#8211; Megan Fox<\/a><\/h4><span class=\"duration time\"><span class=\"tribe-event-date-start\">Monday 11 May \/ 11:30<\/span><\/span><p class=\"ecs-excerpt\">Molecular mechanisms underlying risk and resilience to opioid seeking \/\/ Venue: Centre Broca<\/p><\/li><li class=\"ecs-event for-scientists_ecs_category imn-en_ecs_category\"><h4 class=\"entry-title summary\"><a href=\"https:\/\/www.bordeaux-neurocampus.fr\/en\/event\/seminar-benoit-gosselin\/\" rel=\"bookmark\">Seminar &#8211; Benoit Gosselin<\/a><\/h4><span class=\"duration time\"><span class=\"tribe-event-date-start\">Monday 18 May \/ 11:30<\/span> - <span class=\"tribe-event-time\">12:30<\/span><\/span><p class=\"ecs-excerpt\">Intelligent Wireless Systems for Closed-Loop Electrophysiology and Optogenetics: From Brain Circuits to the Spinal Cord \/\/ Venue : Centre Broca<\/p><\/li><li class=\"ecs-event for-scientists_ecs_category home-event_ecs_category imn-en_ecs_category\"><h4 class=\"entry-title summary\"><a href=\"https:\/\/www.bordeaux-neurocampus.fr\/en\/event\/journees-du-reseau-francais-de-la-recherche-reproductible\/\" rel=\"bookmark\">Journ\u00e9es du R\u00e9seau Fran\u00e7ais de la Recherche Reproductible<\/a><\/h4><span class=\"duration time\"><span class=\"tribe-event-date-start\">Tuesday 19 May<\/span> - <span class=\"tribe-event-date-end\">Thursday 21 May<\/span><\/span><p class=\"ecs-excerpt\">Lieu : Campus Victoire<\/p><\/li><li class=\"ecs-event for-scientists_ecs_category home-event_ecs_category symposium_ecs_category\"><h4 class=\"entry-title summary\"><a href=\"https:\/\/www.bordeaux-neurocampus.fr\/en\/event\/computational-neuroscience-seminar-part-ii\/\" rel=\"bookmark\">Computational Neuroscience Seminar part II<\/a><\/h4><span class=\"duration time\"><span class=\"tribe-event-date-start\">Tuesday 19 May \/ 09:00<\/span> - <span class=\"tribe-event-time\">12:00<\/span><\/span><p class=\"ecs-excerpt\">Venue: Institut Magendie, conference room.<\/p><\/li><li class=\"ecs-event for-scientists_ecs_category home-event_ecs_category impromptu-seminar_ecs_category\"><h4 class=\"entry-title summary\"><a href=\"https:\/\/www.bordeaux-neurocampus.fr\/en\/event\/seminar-anthony-hannan\/\" rel=\"bookmark\">Seminar &#8211; Anthony Hannan<\/a><\/h4><span class=\"duration time\"><span class=\"tribe-event-date-start\">Tuesday 19 May \/ 11:30<\/span><\/span><p class=\"ecs-excerpt\">Gene-environment interactions modulating brain function within and between generations \/\/ Venue: Centre Broca<\/p><\/li><li class=\"ecs-event for-scientists_ecs_category home-event_ecs_category magendie-en_ecs_category monthly-conferences_ecs_category\"><h4 class=\"entry-title summary\"><a href=\"https:\/\/www.bordeaux-neurocampus.fr\/en\/event\/phd-seminar-manuel-valero\/\" rel=\"bookmark\">PhD Seminar &#8211; Manuel Valero<\/a><\/h4><span class=\"duration time\"><span class=\"tribe-event-date-start\">Friday 22 May \/ 11:30<\/span> - <span class=\"tribe-event-time\">13:00<\/span><\/span><p class=\"ecs-excerpt\">Venue : Centre Broca<\/p><\/li><li class=\"ecs-event for-scientists_ecs_category home-event_ecs_category seminars_ecs_category\"><h4 class=\"entry-title summary\"><a href=\"https:\/\/www.bordeaux-neurocampus.fr\/en\/event\/seminar-vincent-breton-provencher\/\" rel=\"bookmark\">Seminar &#8211; Vincent Breton-Provencher<\/a><\/h4><span class=\"duration time\"><span class=\"tribe-event-date-start\">Friday 22 May \/ 14:00<\/span><\/span><p class=\"ecs-excerpt\">Venue: Centre Broca<\/p><\/li><li class=\"ecs-event for-scientists_ecs_category home-event_ecs_category seminars_ecs_category\"><h4 class=\"entry-title summary\"><a href=\"https:\/\/www.bordeaux-neurocampus.fr\/en\/event\/friday-seminar-francesca-conte\/\" rel=\"bookmark\">Friday seminar &#8211; Francesca Conte<\/a><\/h4><span class=\"duration time\"><span class=\"tribe-event-date-start\">Friday 29 May \/ 11:30<\/span><\/span><p class=\"ecs-excerpt\">Relationships between sleep and daytime activities: cognition, napping and videogames \/\/ Venue: Centre Broca<\/p><\/li><li class=\"ecs-event entre-nous-en_ecs_category for-scientists_ecs_category home-event_ecs_category symposium_ecs_category\"><h4 class=\"entry-title summary\"><a href=\"https:\/\/www.bordeaux-neurocampus.fr\/en\/event\/journee-bordeaux-neurocampus-2026\/\" rel=\"bookmark\">Journ\u00e9e Bordeaux Neurocampus 2026<\/a><\/h4><span class=\"duration time\"><span class=\"tribe-event-date-start\">Wednesday 3 June \/ 09:00<\/span> - <span class=\"tribe-event-time\">17:00<\/span><\/span><p class=\"ecs-excerpt\">Lieu : Haut-Carr\u00e9, Talence<\/p><\/li><li class=\"ecs-event for-scientists_ecs_category home-event_ecs_category symposium_ecs_category\"><h4 class=\"entry-title summary\"><a href=\"https:\/\/www.bordeaux-neurocampus.fr\/en\/event\/4th-international-symposium-on-bpan-disease\/\" rel=\"bookmark\">4th International symposium on BPAN disease<\/a><\/h4><span class=\"duration time\"><span class=\"tribe-event-date-start\">Friday 5 June<\/span> - <span class=\"tribe-event-date-end\">Saturday 6 June<\/span><\/span><p class=\"ecs-excerpt\">Venue : BBS<\/p><\/li><li class=\"ecs-event for-scientists_ecs_category home-event_ecs_category symposium_ecs_category\"><h4 class=\"entry-title summary\"><a href=\"https:\/\/www.bordeaux-neurocampus.fr\/en\/event\/neuroscience-alliance-workshop-2\/\" rel=\"bookmark\">Neuroscience Alliance Workshop<\/a><\/h4><span class=\"duration time\"><span class=\"tribe-event-date-start\">Monday 8 June<\/span> - <span class=\"tribe-event-date-end\">Friday 12 June<\/span><\/span><p class=\"ecs-excerpt\">Venue: Centre Broca<\/p><\/li><li class=\"ecs-event for-scientists_ecs_category home-event_ecs_category imn-en_ecs_category symposium_ecs_category\"><h4 class=\"entry-title summary\"><a href=\"https:\/\/www.bordeaux-neurocampus.fr\/en\/event\/ohbm-2026\/\" rel=\"bookmark\">OHBM 2026<\/a><\/h4><span class=\"duration time\"><span class=\"tribe-event-date-start\">Sunday 14 June<\/span> - <span class=\"tribe-event-date-end\">Thursday 18 June<\/span><\/span><p class=\"ecs-excerpt\">Co-organized by Michel Thiebaut de Schotten and Chris Foulon<\/p><\/li><li class=\"ecs-event for-scientists_ecs_category home-event_ecs_category impromptu-seminar_ecs_category\"><h4 class=\"entry-title summary\"><a href=\"https:\/\/www.bordeaux-neurocampus.fr\/en\/event\/master-class-steeves-demazeux\/\" rel=\"bookmark\">Master Class &#8211; Steeves Demazeux<\/a><\/h4><span class=\"duration time\"><span class=\"tribe-event-date-start\">Thursday 18 June \/ 19:30<\/span><\/span><p class=\"ecs-excerpt\">Mis\u00e8re de la psychiatrie.<\/p><\/li><li class=\"ecs-event for-scientists_ecs_category home-event_ecs_category iins-en_ecs_category monthly-conferences_ecs_category\"><h4 class=\"entry-title summary\"><a href=\"https:\/\/www.bordeaux-neurocampus.fr\/en\/event\/phd-seminar-james-poulet\/\" rel=\"bookmark\">PhD Seminar &#8211; James Poulet<\/a><\/h4><span class=\"duration time\"><span class=\"tribe-event-date-start\">Friday 19 June \/ 11:30<\/span> - <span class=\"tribe-event-time\">13:00<\/span><\/span><p class=\"ecs-excerpt\">Venue : Centre Broca<\/p><\/li><li class=\"ecs-event cajal-lectures-en_ecs_category for-scientists_ecs_category home-event_ecs_category\"><h4 class=\"entry-title summary\"><a href=\"https:\/\/www.bordeaux-neurocampus.fr\/en\/event\/cajal-lectures-single-cell-and-spatial-omics-in-the-nervous-system\/\" rel=\"bookmark\">Cajal lectures &#8211; Single Cell and Spatial omics in the Nervous System<\/a><\/h4><span class=\"duration time\"><span class=\"tribe-event-date-start\">Monday 22 June<\/span> - <span class=\"tribe-event-date-end\">Friday 10 July<\/span><\/span><p class=\"ecs-excerpt\">Venue: CARF<\/p><\/li><li class=\"ecs-event for-scientists_ecs_category home-event_ecs_category imn-en_ecs_category symposium_ecs_category\"><h4 class=\"entry-title summary\"><a href=\"https:\/\/www.bordeaux-neurocampus.fr\/en\/event\/3rd-european-purine-meeting\/\" rel=\"bookmark\">3rd European Purine Meeting<\/a><\/h4><span class=\"duration time\"><span class=\"tribe-event-date-start\">Wednesday 1 July<\/span> - <span class=\"tribe-event-date-end\">Friday 3 July<\/span><\/span><p class=\"ecs-excerpt\">Venue: Campus Victoire<\/p><\/li><li class=\"ecs-event for-scientists_ecs_category home-event_ecs_category incia-en_ecs_category seminars_ecs_category\"><h4 class=\"entry-title summary\"><a href=\"https:\/\/www.bordeaux-neurocampus.fr\/en\/event\/friday-seminar-kristin-stedal\/\" rel=\"bookmark\">Friday seminar &#8211; Kristin Stedal<\/a><\/h4><span class=\"duration time\"><span class=\"tribe-event-date-start\">Friday 3 July \/ 11:30<\/span><\/span><p class=\"ecs-excerpt\">Temperament Based Therapy with Support (TBT-S) - A bottom-up approach to anorexia nervosa treatment \/\/ Venue: Centre Broca<\/p><\/li><li class=\"ecs-event for-scientists_ecs_category home-event_ecs_category other-events_ecs_category symposium_ecs_category\"><h4 class=\"entry-title summary\"><a href=\"https:\/\/www.bordeaux-neurocampus.fr\/en\/event\/fens-forum-2\/\" rel=\"bookmark\">FENS Forum<\/a><\/h4><span class=\"duration time\"><span class=\"tribe-event-date-start\">Monday 6 July<\/span> - <span class=\"tribe-event-date-end\">Friday 10 July<\/span><\/span><p class=\"ecs-excerpt\">Barcelone, Spain<\/p><\/li><li class=\"ecs-event for-scientists_ecs_category home-event_ecs_category other-events_ecs_category symposium_ecs_category\"><h4 class=\"entry-title summary\"><a href=\"https:\/\/www.bordeaux-neurocampus.fr\/en\/event\/chembiona-2026\/\" rel=\"bookmark\">ChemBioNA 2026<\/a><\/h4><span class=\"duration time\"><span class=\"tribe-event-date-start\">Thursday 9 July<\/span> - <span class=\"tribe-event-date-end\">Saturday 11 July<\/span><\/span><p class=\"ecs-excerpt\">Lieu : Haut-Carr\u00e9<\/p><\/li><li class=\"ecs-event for-scientists_ecs_category home-event_ecs_category seminars_ecs_category\"><h4 class=\"entry-title summary\"><a href=\"https:\/\/www.bordeaux-neurocampus.fr\/en\/event\/friday-seminar-camille-lassalle\/\" rel=\"bookmark\">Friday seminar &#8211; Camille Lassalle<\/a><\/h4><span class=\"duration time\"><span class=\"tribe-event-date-start\">Friday 11 September \/ 11:30<\/span><\/span><p class=\"ecs-excerpt\">Venue: Centre Broca &nbsp;<\/p><\/li><li class=\"ecs-event for-scientists_ecs_category home-event_ecs_category symposium_ecs_category\"><h4 class=\"entry-title summary\"><a href=\"https:\/\/www.bordeaux-neurocampus.fr\/en\/event\/congres-ect\/\" rel=\"bookmark\">Congr\u00e8s ECT<\/a><\/h4><span class=\"duration time\"><span class=\"tribe-event-date-start\">Friday 18 September<\/span> - <span class=\"tribe-event-date-end\">Saturday 19 September<\/span><\/span><p class=\"ecs-excerpt\">Lieu : Centre Broca<\/p><\/li><li class=\"ecs-event for-scientists_ecs_category home-event_ecs_category symposium_ecs_category\"><h4 class=\"entry-title summary\"><a href=\"https:\/\/www.bordeaux-neurocampus.fr\/en\/event\/searching-for-principles-in-motor-control\/\" rel=\"bookmark\">Searching for Principles in Motor Control<\/a><\/h4><span class=\"duration time\"><span class=\"tribe-event-date-start\">Tuesday 22 September<\/span> - <span class=\"tribe-event-date-end\">Wednesday 23 September<\/span><\/span><p class=\"ecs-excerpt\">Venue: Centre Broca<\/p><\/li><li class=\"ecs-event bic_ecs_category for-scientists_ecs_category home-event_ecs_category symposium_ecs_category trainings_ecs_category\"><h4 class=\"entry-title summary\"><a href=\"https:\/\/www.bordeaux-neurocampus.fr\/en\/event\/france-volume-em-first-event\/\" rel=\"bookmark\">France Volume-EM first event<\/a><\/h4><span class=\"duration time\"><span class=\"tribe-event-date-start\">Monday 28 September<\/span> - <span class=\"tribe-event-date-end\">Tuesday 29 September<\/span><\/span><p class=\"ecs-excerpt\">Conferences & Workshops - Venue:<\/p><\/li><li class=\"ecs-event cajal-lectures-en_ecs_category for-scientists_ecs_category home-event_ecs_category\"><h4 class=\"entry-title summary\"><a href=\"https:\/\/www.bordeaux-neurocampus.fr\/en\/event\/cajal-lectures-neurovascular-circuits\/\" rel=\"bookmark\">Cajal lectures &#8211; Neurovascular circuits<\/a><\/h4><span class=\"duration time\"><span class=\"tribe-event-date-start\">Monday 28 September<\/span> - <span class=\"tribe-event-date-end\">Friday 16 October<\/span><\/span><p class=\"ecs-excerpt\">Venue: CARF<\/p><\/li><li class=\"ecs-event for-scientists_ecs_category home-event_ecs_category symposium_ecs_category\"><h4 class=\"entry-title summary\"><a href=\"https:\/\/www.bordeaux-neurocampus.fr\/en\/event\/network-and-synapse-day-2026\/\" rel=\"bookmark\">Network and Synapse Day 2026<\/a><\/h4><span class=\"duration time\"><span class=\"tribe-event-date-start\">Friday 2 October<\/span><\/span><p class=\"ecs-excerpt\">Venue Centre Broca<\/p><\/li><li class=\"ecs-event for-scientists_ecs_category home-event_ecs_category monthly-conferences_ecs_category\"><h4 class=\"entry-title summary\"><a href=\"https:\/\/www.bordeaux-neurocampus.fr\/en\/event\/phd-seminar-october-2026\/\" rel=\"bookmark\">PhD Seminar<\/a><\/h4><span class=\"duration time\"><span class=\"tribe-event-date-start\">Friday 2 October \/ 11:30<\/span><\/span><p class=\"ecs-excerpt\">Venue: Centre Broca<\/p><\/li><li class=\"ecs-event for-scientists_ecs_category home-event_ecs_category symposium_ecs_category\"><h4 class=\"entry-title summary\"><a href=\"https:\/\/www.bordeaux-neurocampus.fr\/en\/event\/imagination-2\/\" rel=\"bookmark\">Imagination 2: conceptual and neural basis of higher-order mental processes<\/a><\/h4><span class=\"duration time\"><span class=\"tribe-event-date-start\">Thursday 8 October<\/span><\/span><p class=\"ecs-excerpt\">Venue:: Centre Broca Nouvelle-Aquitaine<\/p><\/li><li class=\"ecs-event for-scientists_ecs_category home-event_ecs_category symposium_ecs_category\"><h4 class=\"entry-title summary\"><a href=\"https:\/\/www.bordeaux-neurocampus.fr\/en\/event\/brainstress\/\" rel=\"bookmark\">Bordeaux Neurocampus International Conference: BrainStress<\/a><\/h4><span class=\"duration time\"><span class=\"tribe-event-date-start\">Wednesday 14 October<\/span> - <span class=\"tribe-event-date-end\">Friday 16 October<\/span><\/span><p class=\"ecs-excerpt\">The Brain under stress: From Molecular Processes to Clinical Consequences \/\/ Venue: Centre Broca<\/p><\/li><li class=\"ecs-event for-scientists_ecs_category symposium_ecs_category\"><h4 class=\"entry-title summary\"><a href=\"https:\/\/www.bordeaux-neurocampus.fr\/en\/event\/sino-french-bioimaging-thematic-school\/\" rel=\"bookmark\">Sino-French BioImaging Workshop<\/a><\/h4><span class=\"duration time\"><span class=\"tribe-event-date-start\">Wednesday 14 October<\/span> - <span class=\"tribe-event-date-end\">Friday 16 October<\/span><\/span><p class=\"ecs-excerpt\">Venue : Centre Broca<\/p><\/li><li class=\"ecs-event for-scientists_ecs_category symposium_ecs_category\"><h4 class=\"entry-title summary\"><a href=\"https:\/\/www.bordeaux-neurocampus.fr\/en\/event\/sino-french-bioimaging-symposium\/\" rel=\"bookmark\">Sino-French BioImaging Symposium<\/a><\/h4><span class=\"duration time\"><span class=\"tribe-event-date-start\">Monday 19 October<\/span> - <span class=\"tribe-event-date-end\">Wednesday 21 October<\/span><\/span><p class=\"ecs-excerpt\">Venue: Centre Broca<\/p><\/li><li class=\"ecs-event for-scientists_ecs_category home-event_ecs_category seminars_ecs_category\"><h4 class=\"entry-title summary\"><a href=\"https:\/\/www.bordeaux-neurocampus.fr\/en\/event\/friday-seminar-hanna-pickard\/\" rel=\"bookmark\">Friday seminar &#8211; Hanna Pickard<\/a><\/h4><span class=\"duration time\"><span class=\"tribe-event-date-start\">Friday 23 October \/ 11:30<\/span><\/span><p class=\"ecs-excerpt\">Addiction and the Good \/\/ Venue: Centre Broca<\/p><\/li><li class=\"ecs-event for-scientists_ecs_category home-event_ecs_category monthly-conferences_ecs_category\"><h4 class=\"entry-title summary\"><a href=\"https:\/\/www.bordeaux-neurocampus.fr\/en\/event\/phd-seminar-novembre2026\/\" rel=\"bookmark\">PhD Seminar<\/a><\/h4><span class=\"duration time\"><span class=\"tribe-event-date-start\">Friday 6 November \/ 08:00<\/span> - <span class=\"tribe-event-time\">17:00<\/span><\/span><p class=\"ecs-excerpt\">Venue: Centre Broca<\/p><\/li><li class=\"ecs-event for-scientists_ecs_category home-event_ecs_category nutrineuro-en_ecs_category symposium_ecs_category\"><h4 class=\"entry-title summary\"><a href=\"https:\/\/www.bordeaux-neurocampus.fr\/en\/event\/seminaire-inrae-sur-les-organoides\/\" rel=\"bookmark\">S\u00e9minaire Inrae sur les organo\u00efdes<\/a><\/h4><span class=\"duration time\"><span class=\"tribe-event-date-start\">Monday 16 November<\/span> - <span class=\"tribe-event-date-end\">Wednesday 18 November<\/span><\/span><p class=\"ecs-excerpt\">Venue: Centre Broca<\/p><\/li><li class=\"ecs-event cajal-lectures-en_ecs_category for-scientists_ecs_category home-event_ecs_category\"><h4 class=\"entry-title summary\"><a href=\"https:\/\/www.bordeaux-neurocampus.fr\/en\/event\/cajal-lectures-neurobiology-of-sleep\/\" rel=\"bookmark\">Cajal lectures &#8211; Neurobiology of Sleep<\/a><\/h4><span class=\"duration time\"><span class=\"tribe-event-date-start\">Thursday 19 November<\/span> - <span class=\"tribe-event-date-end\">Tuesday 8 December<\/span><\/span><p class=\"ecs-excerpt\">Venue: CARF<\/p><\/li><li class=\"ecs-event for-scientists_ecs_category home-event_ecs_category monthly-conferences_ecs_category\"><h4 class=\"entry-title summary\"><a href=\"https:\/\/www.bordeaux-neurocampus.fr\/en\/event\/phd-seminar-december2026\/\" rel=\"bookmark\">PhD Seminar<\/a><\/h4><span class=\"duration time\"><span class=\"tribe-event-date-start\">Friday 4 December \/ 11:30<\/span><\/span><p class=\"ecs-excerpt\">Venue: Centre Broca<\/p><\/li><li class=\"ecs-event for-scientists_ecs_category home-event_ecs_category monthly-conferences_ecs_category\"><h4 class=\"entry-title summary\"><a href=\"https:\/\/www.bordeaux-neurocampus.fr\/en\/event\/phd-seminar\/\" rel=\"bookmark\">PhD Seminar<\/a><\/h4><span class=\"duration time\"><span class=\"tribe-event-date-start\">8 January 2027 \/ 11:30<\/span><\/span><p class=\"ecs-excerpt\">Venue: Centre Broca<\/p><\/li><li class=\"ecs-event for-scientists_ecs_category\"><h4 class=\"entry-title summary\"><a href=\"https:\/\/www.bordeaux-neurocampus.fr\/en\/event\/neurofrance-2027\/\" rel=\"bookmark\">NeuroFrance 2027<\/a><\/h4><span class=\"duration time\"><span class=\"tribe-event-date-start\">11 May 2027<\/span> - <span class=\"tribe-event-date-end\">13 May 2027<\/span><\/span><p class=\"ecs-excerpt\">A Bordeaux !<\/p><\/li><\/ul><script type=\"application\/ld+json\">\r\n[{\"@context\":\"http:\/\/schema.org\",\"@type\":\"Event\",\"name\":\"Cajal lectures &#8211; Frontier in Neural Organoids Modelling\",\"description\":\"&lt;p&gt;Lectures are open to everyone \/\/ Venue: CARF&lt;\/p&gt;\\\\n\",\"url\":\"https:\/\/www.bordeaux-neurocampus.fr\/en\/event\/cajal-lectures-frontier-in-neural-organoids-modelling\/\",\"startDate\":\"2026-04-14T00:00:00+02:00\",\"endDate\":\"2026-04-30T23:59:59+02:00\",\"performer\":\"Organization\"},{\"@context\":\"http:\/\/schema.org\",\"@type\":\"Event\",\"name\":\"Computational Neuroscience Seminar &#8211; Part 1\",\"description\":\"&lt;p&gt;Venue: Institut Magendie, conference room.&lt;\/p&gt;\\\\n\",\"url\":\"https:\/\/www.bordeaux-neurocampus.fr\/en\/event\/computational-neuroscience-seminar-part-1\/\",\"startDate\":\"2026-05-05T09:00:00+02:00\",\"endDate\":\"2026-05-05T11:00:00+02:00\",\"performer\":\"Organization\"},{\"@context\":\"http:\/\/schema.org\",\"@type\":\"Event\",\"name\":\"Mini Symposium: Capturing Molecular Diversity at Synapses\",\"description\":\"&lt;p&gt;Organized by Anne-Sophie Haffner (new team leader at IINS)&lt;\/p&gt;\\\\n\",\"url\":\"https:\/\/www.bordeaux-neurocampus.fr\/en\/event\/mini-symposium-capturing-molecular-diversity-at-synapses\/\",\"startDate\":\"2026-05-05T15:30:00+02:00\",\"endDate\":\"2026-05-05T17:30:00+02:00\",\"performer\":\"Organization\"},{\"@context\":\"http:\/\/schema.org\",\"@type\":\"Event\",\"name\":\"PhilInBioMed Seminar &#8211; Mazviita Chirimuuta\",\"description\":\"&lt;p&gt;A Mark of the Non-Cognitive \/\/ Venue: CARF (hybrid)&lt;\/p&gt;\\\\n\",\"url\":\"https:\/\/www.bordeaux-neurocampus.fr\/en\/event\/philinbiomed-seminar-mazviita-chirimuuta\/\",\"startDate\":\"2026-05-05T17:00:00+02:00\",\"endDate\":\"2026-05-05T18:30:00+02:00\",\"performer\":\"Organization\"},{\"@context\":\"http:\/\/schema.org\",\"@type\":\"Event\",\"name\":\"Journ\\u00e9e de lancement de l&#8217;Atelier bordelais des donn\\u00e9es de recherche\",\"description\":\"&lt;p&gt;Matin : Campus Pey-Berland et visioconf\\u00e9rence. Apr\\u00e8s-midi : Station Marne&lt;\/p&gt;\\\\n\",\"url\":\"https:\/\/www.bordeaux-neurocampus.fr\/en\/event\/journee-de-lancement-de-latelier-bordelais-des-donnees-de-recherche\/\",\"startDate\":\"2026-05-11T08:00:00+02:00\",\"endDate\":\"2026-05-11T17:00:00+02:00\",\"performer\":\"Organization\"},{\"@context\":\"http:\/\/schema.org\",\"@type\":\"Event\",\"name\":\"Seminar &#8211; Megan Fox\",\"description\":\"&lt;p&gt;Molecular mechanisms underlying risk and resilience to opioid seeking \/\/ Venue: Centre Broca&lt;\/p&gt;\\\\n\",\"url\":\"https:\/\/www.bordeaux-neurocampus.fr\/en\/event\/seminar-megan-fox\/\",\"startDate\":\"2026-05-11T11:30:00+02:00\",\"endDate\":\"2026-05-11T11:30:00+02:00\",\"performer\":\"Organization\"},{\"@context\":\"http:\/\/schema.org\",\"@type\":\"Event\",\"name\":\"Seminar &#8211; Benoit Gosselin\",\"description\":\"&lt;p&gt;Intelligent Wireless Systems for Closed-Loop Electrophysiology and Optogenetics: From Brain Circuits to the Spinal Cord \/\/ Venue : Centre Broca&lt;\/p&gt;\\\\n\",\"url\":\"https:\/\/www.bordeaux-neurocampus.fr\/en\/event\/seminar-benoit-gosselin\/\",\"startDate\":\"2026-05-18T11:30:00+02:00\",\"endDate\":\"2026-05-18T12:30:00+02:00\",\"performer\":\"Organization\"},{\"@context\":\"http:\/\/schema.org\",\"@type\":\"Event\",\"name\":\"Journ\\u00e9es du R\\u00e9seau Fran\\u00e7ais de la Recherche Reproductible\",\"description\":\"&lt;p&gt;Lieu : Campus Victoire&lt;\/p&gt;\\\\n\",\"url\":\"https:\/\/www.bordeaux-neurocampus.fr\/en\/event\/journees-du-reseau-francais-de-la-recherche-reproductible\/\",\"startDate\":\"2026-05-19T00:00:00+02:00\",\"endDate\":\"2026-05-21T23:59:59+02:00\",\"performer\":\"Organization\"},{\"@context\":\"http:\/\/schema.org\",\"@type\":\"Event\",\"name\":\"Computational Neuroscience Seminar part II\",\"description\":\"&lt;p&gt;Venue: Institut Magendie, conference room.&lt;\/p&gt;\\\\n\",\"url\":\"https:\/\/www.bordeaux-neurocampus.fr\/en\/event\/computational-neuroscience-seminar-part-ii\/\",\"startDate\":\"2026-05-19T09:00:00+02:00\",\"endDate\":\"2026-05-19T12:00:00+02:00\",\"performer\":\"Organization\"},{\"@context\":\"http:\/\/schema.org\",\"@type\":\"Event\",\"name\":\"Seminar &#8211; Anthony Hannan\",\"description\":\"&lt;p&gt;Gene-environment interactions modulating brain function within and between generations \/\/ Venue: Centre Broca&lt;\/p&gt;\\\\n\",\"url\":\"https:\/\/www.bordeaux-neurocampus.fr\/en\/event\/seminar-anthony-hannan\/\",\"startDate\":\"2026-05-19T11:30:00+02:00\",\"endDate\":\"2026-05-19T11:30:00+02:00\",\"performer\":\"Organization\"},{\"@context\":\"http:\/\/schema.org\",\"@type\":\"Event\",\"name\":\"PhD Seminar &#8211; Manuel Valero\",\"description\":\"&lt;p&gt;Venue : Centre Broca&lt;\/p&gt;\\\\n\",\"url\":\"https:\/\/www.bordeaux-neurocampus.fr\/en\/event\/phd-seminar-manuel-valero\/\",\"startDate\":\"2026-05-22T11:30:00+02:00\",\"endDate\":\"2026-05-22T13:00:00+02:00\",\"performer\":\"Organization\"},{\"@context\":\"http:\/\/schema.org\",\"@type\":\"Event\",\"name\":\"Seminar &#8211; Vincent Breton-Provencher\",\"description\":\"&lt;p&gt;Venue: Centre Broca&lt;\/p&gt;\\\\n\",\"url\":\"https:\/\/www.bordeaux-neurocampus.fr\/en\/event\/seminar-vincent-breton-provencher\/\",\"startDate\":\"2026-05-22T14:00:00+02:00\",\"endDate\":\"2026-05-22T14:00:00+02:00\",\"performer\":\"Organization\"},{\"@context\":\"http:\/\/schema.org\",\"@type\":\"Event\",\"name\":\"Friday seminar &#8211; Francesca Conte\",\"description\":\"&lt;p&gt;Relationships between sleep and daytime activities: cognition, napping and videogames \/\/ Venue: Centre Broca&lt;\/p&gt;\\\\n\",\"url\":\"https:\/\/www.bordeaux-neurocampus.fr\/en\/event\/friday-seminar-francesca-conte\/\",\"startDate\":\"2026-05-29T11:30:00+02:00\",\"endDate\":\"2026-05-29T11:30:00+02:00\",\"performer\":\"Organization\"},{\"@context\":\"http:\/\/schema.org\",\"@type\":\"Event\",\"name\":\"Journ\\u00e9e Bordeaux Neurocampus 2026\",\"description\":\"&lt;p&gt;Lieu : Haut-Carr\\u00e9, Talence&lt;\/p&gt;\\\\n\",\"url\":\"https:\/\/www.bordeaux-neurocampus.fr\/en\/event\/journee-bordeaux-neurocampus-2026\/\",\"startDate\":\"2026-06-03T09:00:00+02:00\",\"endDate\":\"2026-06-03T17:00:00+02:00\",\"performer\":\"Organization\"},{\"@context\":\"http:\/\/schema.org\",\"@type\":\"Event\",\"name\":\"4th International symposium on BPAN disease\",\"description\":\"&lt;p&gt;Venue : BBS&lt;\/p&gt;\\\\n\",\"url\":\"https:\/\/www.bordeaux-neurocampus.fr\/en\/event\/4th-international-symposium-on-bpan-disease\/\",\"startDate\":\"2026-06-05T00:00:00+02:00\",\"endDate\":\"2026-06-06T23:59:59+02:00\",\"performer\":\"Organization\"},{\"@context\":\"http:\/\/schema.org\",\"@type\":\"Event\",\"name\":\"Neuroscience Alliance Workshop\",\"description\":\"&lt;p&gt;Venue: Centre Broca&lt;\/p&gt;\\\\n\",\"url\":\"https:\/\/www.bordeaux-neurocampus.fr\/en\/event\/neuroscience-alliance-workshop-2\/\",\"startDate\":\"2026-06-08T00:00:00+02:00\",\"endDate\":\"2026-06-12T23:59:59+02:00\",\"performer\":\"Organization\"},{\"@context\":\"http:\/\/schema.org\",\"@type\":\"Event\",\"name\":\"OHBM 2026\",\"description\":\"&lt;p&gt;Co-organized by Michel Thiebaut de Schotten and Chris Foulon&lt;\/p&gt;\\\\n\",\"url\":\"https:\/\/www.bordeaux-neurocampus.fr\/en\/event\/ohbm-2026\/\",\"startDate\":\"2026-06-14T00:00:00+02:00\",\"endDate\":\"2026-06-18T23:59:59+02:00\",\"performer\":\"Organization\"},{\"@context\":\"http:\/\/schema.org\",\"@type\":\"Event\",\"name\":\"Master Class &#8211; Steeves Demazeux\",\"description\":\"&lt;p&gt;Mis\\u00e8re de la psychiatrie. &lt;\/p&gt;\\\\n\",\"url\":\"https:\/\/www.bordeaux-neurocampus.fr\/en\/event\/master-class-steeves-demazeux\/\",\"startDate\":\"2026-06-18T19:30:00+02:00\",\"endDate\":\"2026-06-18T19:30:00+02:00\",\"performer\":\"Organization\"},{\"@context\":\"http:\/\/schema.org\",\"@type\":\"Event\",\"name\":\"PhD Seminar &#8211; James Poulet\",\"description\":\"&lt;p&gt;Venue : Centre Broca&lt;\/p&gt;\\\\n\",\"url\":\"https:\/\/www.bordeaux-neurocampus.fr\/en\/event\/phd-seminar-james-poulet\/\",\"startDate\":\"2026-06-19T11:30:00+02:00\",\"endDate\":\"2026-06-19T13:00:00+02:00\",\"performer\":\"Organization\"},{\"@context\":\"http:\/\/schema.org\",\"@type\":\"Event\",\"name\":\"Cajal lectures &#8211; Single Cell and Spatial omics in the Nervous System\",\"description\":\"&lt;p&gt;Venue: CARF&lt;\/p&gt;\\\\n\",\"url\":\"https:\/\/www.bordeaux-neurocampus.fr\/en\/event\/cajal-lectures-single-cell-and-spatial-omics-in-the-nervous-system\/\",\"startDate\":\"2026-06-22T00:00:00+02:00\",\"endDate\":\"2026-07-10T23:59:59+02:00\",\"performer\":\"Organization\"},{\"@context\":\"http:\/\/schema.org\",\"@type\":\"Event\",\"name\":\"3rd European Purine Meeting\",\"description\":\"&lt;p&gt;Venue: Campus Victoire&lt;\/p&gt;\\\\n\",\"url\":\"https:\/\/www.bordeaux-neurocampus.fr\/en\/event\/3rd-european-purine-meeting\/\",\"startDate\":\"2026-07-01T00:00:00+02:00\",\"endDate\":\"2026-07-03T23:59:59+02:00\",\"performer\":\"Organization\"},{\"@context\":\"http:\/\/schema.org\",\"@type\":\"Event\",\"name\":\"Friday seminar &#8211; Kristin Stedal\",\"description\":\"&lt;p&gt;Temperament Based Therapy with Support (TBT-S) - A bottom-up approach to anorexia nervosa treatment \/\/ Venue: Centre Broca&lt;\/p&gt;\\\\n\",\"url\":\"https:\/\/www.bordeaux-neurocampus.fr\/en\/event\/friday-seminar-kristin-stedal\/\",\"startDate\":\"2026-07-03T11:30:00+02:00\",\"endDate\":\"2026-07-03T11:30:00+02:00\",\"performer\":\"Organization\"},{\"@context\":\"http:\/\/schema.org\",\"@type\":\"Event\",\"name\":\"FENS Forum\",\"description\":\"&lt;p&gt;Barcelone, Spain&lt;\/p&gt;\\\\n\",\"url\":\"https:\/\/www.bordeaux-neurocampus.fr\/en\/event\/fens-forum-2\/\",\"startDate\":\"2026-07-06T00:00:00+02:00\",\"endDate\":\"2026-07-10T23:59:59+02:00\",\"performer\":\"Organization\"},{\"@context\":\"http:\/\/schema.org\",\"@type\":\"Event\",\"name\":\"ChemBioNA 2026\",\"description\":\"&lt;p&gt;Lieu : Haut-Carr\\u00e9&lt;\/p&gt;\\\\n\",\"url\":\"https:\/\/www.bordeaux-neurocampus.fr\/en\/event\/chembiona-2026\/\",\"startDate\":\"2026-07-09T00:00:00+02:00\",\"endDate\":\"2026-07-11T23:59:59+02:00\",\"performer\":\"Organization\"},{\"@context\":\"http:\/\/schema.org\",\"@type\":\"Event\",\"name\":\"Friday seminar &#8211; Camille Lassalle\",\"description\":\"&lt;p&gt;Venue: Centre Broca &nbsp;&lt;\/p&gt;\\\\n\",\"url\":\"https:\/\/www.bordeaux-neurocampus.fr\/en\/event\/friday-seminar-camille-lassalle\/\",\"startDate\":\"2026-09-11T11:30:00+02:00\",\"endDate\":\"2026-09-11T11:30:00+02:00\",\"performer\":\"Organization\"},{\"@context\":\"http:\/\/schema.org\",\"@type\":\"Event\",\"name\":\"Congr\\u00e8s ECT\",\"description\":\"&lt;p&gt;Lieu : Centre Broca&lt;\/p&gt;\\\\n\",\"url\":\"https:\/\/www.bordeaux-neurocampus.fr\/en\/event\/congres-ect\/\",\"startDate\":\"2026-09-18T00:00:00+02:00\",\"endDate\":\"2026-09-19T23:59:59+02:00\",\"performer\":\"Organization\"},{\"@context\":\"http:\/\/schema.org\",\"@type\":\"Event\",\"name\":\"Searching for Principles in Motor Control\",\"description\":\"&lt;p&gt;Venue: Centre Broca&lt;\/p&gt;\\\\n\",\"url\":\"https:\/\/www.bordeaux-neurocampus.fr\/en\/event\/searching-for-principles-in-motor-control\/\",\"startDate\":\"2026-09-22T00:00:00+02:00\",\"endDate\":\"2026-09-23T23:59:59+02:00\",\"performer\":\"Organization\"},{\"@context\":\"http:\/\/schema.org\",\"@type\":\"Event\",\"name\":\"France Volume-EM first event\",\"description\":\"&lt;p&gt;Conferences &amp; Workshops - Venue: &lt;\/p&gt;\\\\n\",\"url\":\"https:\/\/www.bordeaux-neurocampus.fr\/en\/event\/france-volume-em-first-event\/\",\"startDate\":\"2026-09-28T00:00:00+02:00\",\"endDate\":\"2026-09-29T23:59:59+02:00\",\"performer\":\"Organization\"},{\"@context\":\"http:\/\/schema.org\",\"@type\":\"Event\",\"name\":\"Cajal lectures &#8211; Neurovascular circuits\",\"description\":\"&lt;p&gt;Venue: CARF&lt;\/p&gt;\\\\n\",\"url\":\"https:\/\/www.bordeaux-neurocampus.fr\/en\/event\/cajal-lectures-neurovascular-circuits\/\",\"startDate\":\"2026-09-28T00:00:00+02:00\",\"endDate\":\"2026-10-16T23:59:59+02:00\",\"performer\":\"Organization\"},{\"@context\":\"http:\/\/schema.org\",\"@type\":\"Event\",\"name\":\"Network and Synapse Day 2026\",\"description\":\"&lt;p&gt;Venue Centre Broca&lt;\/p&gt;\\\\n\",\"url\":\"https:\/\/www.bordeaux-neurocampus.fr\/en\/event\/network-and-synapse-day-2026\/\",\"startDate\":\"2026-10-02T00:00:00+02:00\",\"endDate\":\"2026-10-02T23:59:59+02:00\",\"performer\":\"Organization\"},{\"@context\":\"http:\/\/schema.org\",\"@type\":\"Event\",\"name\":\"PhD Seminar\",\"description\":\"&lt;p&gt;Venue: Centre Broca&lt;\/p&gt;\\\\n\",\"url\":\"https:\/\/www.bordeaux-neurocampus.fr\/en\/event\/phd-seminar-october-2026\/\",\"startDate\":\"2026-10-02T11:30:00+02:00\",\"endDate\":\"2026-10-02T11:30:00+02:00\",\"performer\":\"Organization\"},{\"@context\":\"http:\/\/schema.org\",\"@type\":\"Event\",\"name\":\"Imagination 2: conceptual and neural basis of higher-order mental processes\",\"description\":\"&lt;p&gt;Venue:: Centre Broca Nouvelle-Aquitaine&lt;\/p&gt;\\\\n\",\"url\":\"https:\/\/www.bordeaux-neurocampus.fr\/en\/event\/imagination-2\/\",\"startDate\":\"2026-10-08T00:00:00+02:00\",\"endDate\":\"2026-10-08T23:59:59+02:00\",\"performer\":\"Organization\"},{\"@context\":\"http:\/\/schema.org\",\"@type\":\"Event\",\"name\":\"Bordeaux Neurocampus International Conference: BrainStress\",\"description\":\"&lt;p&gt;The Brain under stress: From Molecular Processes to Clinical Consequences \/\/ Venue: Centre Broca&lt;\/p&gt;\\\\n\",\"url\":\"https:\/\/www.bordeaux-neurocampus.fr\/en\/event\/brainstress\/\",\"startDate\":\"2026-10-14T00:00:00+02:00\",\"endDate\":\"2026-10-16T23:59:59+02:00\",\"performer\":\"Organization\"},{\"@context\":\"http:\/\/schema.org\",\"@type\":\"Event\",\"name\":\"Sino-French BioImaging Workshop\",\"description\":\"&lt;p&gt;Venue : Centre Broca&lt;\/p&gt;\\\\n\",\"url\":\"https:\/\/www.bordeaux-neurocampus.fr\/en\/event\/sino-french-bioimaging-thematic-school\/\",\"startDate\":\"2026-10-14T00:00:00+02:00\",\"endDate\":\"2026-10-16T23:59:59+02:00\",\"location\":{\"@type\":\"Place\",\"name\":\"Centre Broca Nouvelle-Aquitaine\",\"description\":\"\",\"url\":\"\",\"address\":{\"@type\":\"PostalAddress\",\"streetAddress\":\"38 Rue Albert Marquet\",\"addressLocality\":\"Bordeaux\",\"postalCode\":\"33000\",\"addressCountry\":\"France\"},\"telephone\":\"\",\"sameAs\":\"\"},\"performer\":\"Organization\"},{\"@context\":\"http:\/\/schema.org\",\"@type\":\"Event\",\"name\":\"Sino-French BioImaging Symposium\",\"description\":\"&lt;p&gt;Venue: Centre Broca&lt;\/p&gt;\\\\n\",\"image\":\"https:\/\/www.bordeaux-neurocampus.fr\/wp-content\/uploads\/2026\/01\/Fichier-1.png\",\"url\":\"https:\/\/www.bordeaux-neurocampus.fr\/en\/event\/sino-french-bioimaging-symposium\/\",\"startDate\":\"2026-10-19T00:00:00+02:00\",\"endDate\":\"2026-10-21T23:59:59+02:00\",\"performer\":\"Organization\"},{\"@context\":\"http:\/\/schema.org\",\"@type\":\"Event\",\"name\":\"Friday seminar &#8211; Hanna Pickard\",\"description\":\"&lt;p&gt;Addiction and the Good \/\/ Venue: Centre Broca&lt;\/p&gt;\\\\n\",\"url\":\"https:\/\/www.bordeaux-neurocampus.fr\/en\/event\/friday-seminar-hanna-pickard\/\",\"startDate\":\"2026-10-23T11:30:00+02:00\",\"endDate\":\"2026-10-23T11:30:00+02:00\",\"performer\":\"Organization\"},{\"@context\":\"http:\/\/schema.org\",\"@type\":\"Event\",\"name\":\"PhD Seminar\",\"description\":\"&lt;p&gt;Venue: Centre Broca&lt;\/p&gt;\\\\n\",\"url\":\"https:\/\/www.bordeaux-neurocampus.fr\/en\/event\/phd-seminar-novembre2026\/\",\"startDate\":\"2026-11-06T08:00:00+01:00\",\"endDate\":\"2026-11-06T17:00:00+01:00\",\"performer\":\"Organization\"},{\"@context\":\"http:\/\/schema.org\",\"@type\":\"Event\",\"name\":\"S\\u00e9minaire Inrae sur les organo\\u00efdes\",\"description\":\"&lt;p&gt;Venue: Centre Broca&lt;\/p&gt;\\\\n\",\"url\":\"https:\/\/www.bordeaux-neurocampus.fr\/en\/event\/seminaire-inrae-sur-les-organoides\/\",\"startDate\":\"2026-11-16T00:00:00+01:00\",\"endDate\":\"2026-11-18T23:59:59+01:00\",\"performer\":\"Organization\"},{\"@context\":\"http:\/\/schema.org\",\"@type\":\"Event\",\"name\":\"Cajal lectures &#8211; Neurobiology of Sleep\",\"description\":\"&lt;p&gt;Venue: CARF&lt;\/p&gt;\\\\n\",\"url\":\"https:\/\/www.bordeaux-neurocampus.fr\/en\/event\/cajal-lectures-neurobiology-of-sleep\/\",\"startDate\":\"2026-11-19T00:00:00+01:00\",\"endDate\":\"2026-12-08T23:59:59+01:00\",\"performer\":\"Organization\"},{\"@context\":\"http:\/\/schema.org\",\"@type\":\"Event\",\"name\":\"PhD Seminar\",\"description\":\"&lt;p&gt;Venue: Centre Broca&lt;\/p&gt;\\\\n\",\"url\":\"https:\/\/www.bordeaux-neurocampus.fr\/en\/event\/phd-seminar-december2026\/\",\"startDate\":\"2026-12-04T11:30:00+01:00\",\"endDate\":\"2026-12-04T11:30:00+01:00\",\"performer\":\"Organization\"},{\"@context\":\"http:\/\/schema.org\",\"@type\":\"Event\",\"name\":\"PhD Seminar\",\"description\":\"&lt;p&gt;Venue: Centre Broca&lt;\/p&gt;\\\\n\",\"url\":\"https:\/\/www.bordeaux-neurocampus.fr\/en\/event\/phd-seminar\/\",\"startDate\":\"2027-01-08T11:30:00+01:00\",\"endDate\":\"2027-01-08T11:30:00+01:00\",\"performer\":\"Organization\"},{\"@context\":\"http:\/\/schema.org\",\"@type\":\"Event\",\"name\":\"NeuroFrance 2027\",\"description\":\"&lt;p&gt;A Bordeaux !&lt;\/p&gt;\\\\n\",\"url\":\"https:\/\/www.bordeaux-neurocampus.fr\/en\/event\/neurofrance-2027\/\",\"startDate\":\"2027-05-11T00:00:00+02:00\",\"endDate\":\"2027-05-13T23:59:59+02:00\",\"performer\":\"Organization\"}]\r\n<\/script><!--\n Event listing powered by The Events Calendar Shortcode\n https:\/\/eventcalendarnewsletter.com\/the-events-calendar-shortcode\/ \n-->[\/vc_column_text][\/vc_column_inner][vc_column_inner width=&#8221;1\/2&#8243; el_id=&#8221;colThesis&#8221;][vc_text_separator title=&#8221;Thesis and HDR defenses&#8221; color=&#8221;custom&#8221; accent_color=&#8221;#bb0027&#8243; el_class=&#8221;colorbb0027&#8243;][vc_column_text]<ul class=\"ecs-event-list\"><li class=\"ecs-event theses-en_ecs_category\"><h4 class=\"entry-title summary\"><a href=\"https:\/\/www.bordeaux-neurocampus.fr\/en\/event\/thesis-defense-alice-minard\/\" rel=\"bookmark\"><span>Thesis defense &#8211; <\/span>Alice Minard<\/a><\/h4><span class=\"duration time\"><span class=\"tribe-event-date-start\">Thursday 30 April \/ 13:30<\/span><\/span><p class=\"ecs-excerpt\">Bases neurobiologiques des effets r\u00e9compensants de la nicotine aromatis\u00e9e dans les cigarettes \u00e9lectroniques \/\/ Lieu : Centre Broca Nouvelle-Aquitaine<\/p><\/li><li class=\"ecs-event imn-en_ecs_category theses-en_ecs_category\"><h4 class=\"entry-title summary\"><a href=\"https:\/\/www.bordeaux-neurocampus.fr\/en\/event\/soutenance-de-these-milesa-simic\/\" rel=\"bookmark\"><span>Thesis defense &#8211; <\/span>Milesa Simic<\/a><\/h4><span class=\"duration time\"><span class=\"tribe-event-date-start\">Wednesday 6 May \/ 14:00<\/span><\/span><p class=\"ecs-excerpt\">Distinct dorsal and ventral basal ganglia contributions to value-based decision-making in health and parkinsonism \/\/ Centre Broca<\/p><\/li><\/ul><script type=\"application\/ld+json\">\r\n[{\"@context\":\"http:\/\/schema.org\",\"@type\":\"Event\",\"name\":\"&lt;span&gt;Thesis defense &#8211; &lt;\/span&gt;Alice Minard\",\"description\":\"&lt;p&gt;Bases neurobiologiques des effets r\\u00e9compensants de la nicotine aromatis\\u00e9e dans les cigarettes \\u00e9lectroniques \/\/ Lieu : Centre Broca Nouvelle-Aquitaine&lt;\/p&gt;\\\\n\",\"url\":\"https:\/\/www.bordeaux-neurocampus.fr\/en\/event\/thesis-defense-alice-minard\/\",\"startDate\":\"2026-04-30T13:30:00+02:00\",\"endDate\":\"2026-04-30T13:30:00+02:00\",\"performer\":\"Organization\"},{\"@context\":\"http:\/\/schema.org\",\"@type\":\"Event\",\"name\":\"&lt;span&gt;Thesis defense &#8211; &lt;\/span&gt;Milesa Simic\",\"description\":\"&lt;p&gt;Distinct dorsal and ventral basal ganglia contributions to value-based decision-making in health and parkinsonism \/\/ Centre Broca&lt;\/p&gt;\\\\n\",\"url\":\"https:\/\/www.bordeaux-neurocampus.fr\/en\/event\/soutenance-de-these-milesa-simic\/\",\"startDate\":\"2026-05-06T14:00:00+02:00\",\"endDate\":\"2026-05-06T14:00:00+02:00\",\"performer\":\"Organization\"}]\r\n<\/script><!--\n Event listing powered by The Events Calendar Shortcode\n https:\/\/eventcalendarnewsletter.com\/the-events-calendar-shortcode\/ \n-->[\/vc_column_text][vc_text_separator title=&#8221;For a wide audience&#8221; color=&#8221;custom&#8221; accent_color=&#8221;#bb0027&#8243; el_class=&#8221;colorbb0027&#8243; el_id=&#8221;colGP&#8221;][vc_column_text]<ul class=\"ecs-event-list\"><li class=\"ecs-event events-for-all_ecs_category pour-tous-homepage-en_ecs_category\"><h4 class=\"entry-title summary\"><a href=\"https:\/\/www.bordeaux-neurocampus.fr\/en\/event\/quand-le-cerveau-tremble-que-parkinson-sinstalle-que-fait-la-science\/\" rel=\"bookmark\">Quand le cerveau tremble, que Parkinson s&#8217;installe, que fait la science ?<\/a><\/h4><span class=\"duration time\"><span class=\"tribe-event-date-start\">Monday 4 May \/ 18:00<\/span><\/span><p class=\"ecs-excerpt\">Lieu : Station Ausone - 8 rue de la Veille Tour et sur YouTube<\/p><\/li><li class=\"ecs-event events-for-all_ecs_category imn-en_ecs_category pour-tous-homepage-en_ecs_category\"><h4 class=\"entry-title summary\"><a href=\"https:\/\/www.bordeaux-neurocampus.fr\/en\/event\/pint-of-science-4\/\" rel=\"bookmark\">Pint of science 2026<\/a><\/h4><span class=\"duration time\"><span class=\"tribe-event-date-start\">Monday 18 May<\/span> - <span class=\"tribe-event-date-end\">Wednesday 20 May<\/span><\/span><p class=\"ecs-excerpt\">13\u00e8me \u00e9dition<\/p><\/li><li class=\"ecs-event events-for-all_ecs_category home-event_ecs_category pour-tous-homepage-en_ecs_category\"><h4 class=\"entry-title summary\"><a href=\"https:\/\/www.bordeaux-neurocampus.fr\/en\/event\/cerveaux-en-surchauffe\/\" rel=\"bookmark\">Cerveaux en surchauffe : le stress des \u00e9tudiants, comprendre, pr\u00e9venir, agir<\/a><\/h4><span class=\"duration time\"><span class=\"tribe-event-date-start\">Tuesday 13 October \/ 17:00<\/span> - <span class=\"tribe-event-time\">20:30<\/span><\/span><p class=\"ecs-excerpt\">Stands, table ronde, conf\u00e9rence...<\/p><\/li><\/ul><script type=\"application\/ld+json\">\r\n[{\"@context\":\"http:\/\/schema.org\",\"@type\":\"Event\",\"name\":\"Quand le cerveau tremble, que Parkinson s&#8217;installe, que fait la science ?\",\"description\":\"&lt;p&gt;Lieu : Station Ausone - 8 rue de la Veille Tour et sur YouTube&lt;\/p&gt;\\\\n\",\"url\":\"https:\/\/www.bordeaux-neurocampus.fr\/en\/event\/quand-le-cerveau-tremble-que-parkinson-sinstalle-que-fait-la-science\/\",\"startDate\":\"2026-05-04T18:00:00+02:00\",\"endDate\":\"2026-05-04T18:00:00+02:00\",\"performer\":\"Organization\"},{\"@context\":\"http:\/\/schema.org\",\"@type\":\"Event\",\"name\":\"Pint of science 2026\",\"description\":\"&lt;p&gt;13\\u00e8me \\u00e9dition&lt;\/p&gt;\\\\n\",\"image\":\"https:\/\/www.bordeaux-neurocampus.fr\/wp-content\/uploads\/2019\/05\/pintOfScience.jpg\",\"url\":\"https:\/\/www.bordeaux-neurocampus.fr\/en\/event\/pint-of-science-4\/\",\"startDate\":\"2026-05-18T00:00:00+02:00\",\"endDate\":\"2026-05-20T23:59:59+02:00\",\"performer\":\"Organization\"},{\"@context\":\"http:\/\/schema.org\",\"@type\":\"Event\",\"name\":\"Cerveaux en surchauffe : le stress des \\u00e9tudiants, comprendre, pr\\u00e9venir, agir\",\"description\":\"&lt;p&gt;Stands, table ronde, conf\\u00e9rence...&lt;\/p&gt;\\\\n\",\"url\":\"https:\/\/www.bordeaux-neurocampus.fr\/en\/event\/cerveaux-en-surchauffe\/\",\"startDate\":\"2026-10-13T17:00:00+02:00\",\"endDate\":\"2026-10-13T20:30:00+02:00\",\"performer\":\"Organization\"}]\r\n<\/script><!--\n Event listing powered by The Events Calendar Shortcode\n https:\/\/eventcalendarnewsletter.com\/the-events-calendar-shortcode\/ \n-->[\/vc_column_text][vc_text_separator title=&#8221;And&#8230; &#8221; color=&#8221;custom&#8221; accent_color=&#8221;#bb0027&#8243; el_class=&#8221;colorbb0027&#8243;][vc_column_text]<div class=\"ecs-no-events\">There are no upcoming events.<\/div>[\/vc_column_text][\/vc_column_inner][\/vc_row_inner][\/vc_column][vc_column width=&#8221;1\/6&#8243;][vc_text_separator title=&#8221;Calendar&#8221; i_icon_fontawesome=&#8221;fa fa-calendar&#8221; i_color=&#8221;custom&#8221; color=&#8221;custom&#8221; add_icon=&#8221;true&#8221; accent_color=&#8221;#bb0027&#8243; el_class=&#8221;colorbb0027&#8243; i_custom_color=&#8221;#bb0027&#8243;][vc_column_text]<a href=\"https:\/\/www.bordeaux-neurocampus.fr\/en\/events\/\">See the event calendar<\/a>[\/vc_column_text][vc_text_separator title=&#8221;Newsletter&#8221; i_icon_fontawesome=&#8221;fa fa-bell&#8221; i_color=&#8221;custom&#8221; color=&#8221;custom&#8221; add_icon=&#8221;true&#8221; accent_color=&#8221;#bb0027&#8243; el_class=&#8221;colorbb0027&#8243; i_custom_color=&#8221;#bb0027&#8243;][vc_column_text]<a href=\"https:\/\/www.bordeaux-neurocampus.fr\/ressources-neurocampus\/newsletter\/\">I want to register to the weekly newsletter<\/a>[\/vc_column_text][\/vc_column][\/vc_row][vc_row][vc_column][vc_column_text]<\/p>\n<p>&nbsp;<\/p>\n<p>[\/vc_column_text][\/vc_column][\/vc_row]<\/p>\n<\/div>","protected":false},"excerpt":{"rendered":"<p>Scientific events in neuroscience, Bordeaux. <\/p>\n","protected":false},"author":1,"featured_media":0,"parent":0,"menu_order":5,"comment_status":"closed","ping_status":"closed","template":"","meta":{"footnotes":""},"tags":[],"class_list":["post-61949","page","type-page","status-publish","hentry","cat_events-for-all","cat_home-event","cat_pour-tous-homepage-en"],"_links":{"self":[{"href":"https:\/\/www.bordeaux-neurocampus.fr\/en\/wp-json\/wp\/v2\/pages\/61949","targetHints":{"allow":["GET"]}}],"collection":[{"href":"https:\/\/www.bordeaux-neurocampus.fr\/en\/wp-json\/wp\/v2\/pages"}],"about":[{"href":"https:\/\/www.bordeaux-neurocampus.fr\/en\/wp-json\/wp\/v2\/types\/page"}],"author":[{"embeddable":true,"href":"https:\/\/www.bordeaux-neurocampus.fr\/en\/wp-json\/wp\/v2\/users\/1"}],"replies":[{"embeddable":true,"href":"https:\/\/www.bordeaux-neurocampus.fr\/en\/wp-json\/wp\/v2\/comments?post=61949"}],"version-history":[{"count":7,"href":"https:\/\/www.bordeaux-neurocampus.fr\/en\/wp-json\/wp\/v2\/pages\/61949\/revisions"}],"predecessor-version":[{"id":149250,"href":"https:\/\/www.bordeaux-neurocampus.fr\/en\/wp-json\/wp\/v2\/pages\/61949\/revisions\/149250"}],"wp:attachment":[{"href":"https:\/\/www.bordeaux-neurocampus.fr\/en\/wp-json\/wp\/v2\/media?parent=61949"}],"wp:term":[{"taxonomy":"post_tag","embeddable":true,"href":"https:\/\/www.bordeaux-neurocampus.fr\/en\/wp-json\/wp\/v2\/tags?post=61949"}],"curies":[{"name":"wp","href":"https:\/\/api.w.org\/{rel}","templated":true}]}}